{"id":1561,"date":"2025-02-07T15:57:30","date_gmt":"2025-02-07T13:57:30","guid":{"rendered":"https:\/\/dev.diplomacy360.com\/?page_id=1561"},"modified":"2025-02-17T21:57:25","modified_gmt":"2025-02-17T19:57:25","slug":"dialog-pentru-romania","status":"publish","type":"page","link":"https:\/\/diplomacy360.com\/ro\/dialog-pentru-romania\/","title":{"rendered":"Cine suntem noi? Dialog pentru Rom\u00e2nia"},"content":{"rendered":"<div class=\"wpb-content-wrapper\"><p>[vc_row equal_height=&#8221;yes&#8221; content_placement=&#8221;middle&#8221; text_color=&#8221;#ffffff&#8221; type=&#8221;image&#8221; bg_color=&#8221;#34495e&#8221; bg_position_horizontal=&#8221;center&#8221; padding_top=&#8221;100px&#8221; padding_bottom=&#8221;100px&#8221; el_class=&#8221;ov-hidden&#8221; bg_image=&#8221;1086&#8243;][vc_column width=&#8221;1\/2&#8243;][vc_custom_heading text=&#8221;<i>Cine suntem noi?<\/i>&#8221; font_container=&#8221;tag:h1|font_size:56|text_align:left|color:%23111111&#8243; use_theme_fonts=&#8221;yes&#8221; css=&#8221;&#8221;][vc_custom_heading text=&#8221;Dialog pentru Rom\u00e2nia&#8221; font_container=&#8221;tag:h1|font_size:56|text_align:left|color:%23111111&#8243; use_theme_fonts=&#8221;yes&#8221; css=&#8221;&#8221;][vc_column_text css=&#8221;&#8221;]<\/p>\n<h4>Ini\u021biativa \u00ee\u0219i propune s\u0103 creeze un spa\u021biu \u00een care rom\u00e2nii s\u0103 poat\u0103 discuta deschis despre ce \u00eei preocup\u0103 \u0219i s\u0103 caute solu\u021bii \u00eempreun\u0103. Lansat\u0103 sub egida Diplomacy360, ini\u021biativa dore\u0219te s\u0103 pun\u0103 accent pe dialog, colaborare \u0219i g\u0103sirea unor direc\u021bii constructive pentru viitorul \u021b\u0103rii.<\/h4>\n<p>[\/vc_column_text][\/vc_column][vc_column width=&#8221;1\/2&#8243;][vc_single_image image=&#8221;1592&#8243; img_size=&#8221;full&#8221; alignment=&#8221;center&#8221; style=&#8221;vc_box_circle&#8221; css=&#8221;&#8221; full_width=&#8221;yes&#8221;][\/vc_column][\/vc_row][vc_row equal_height=&#8221;yes&#8221; content_placement=&#8221;middle&#8221;][vc_column][vc_custom_heading text=&#8221;Motiva\u021bia&#8221; font_container=&#8221;tag:h1|text_align:left|color:%23111111&#8243; use_theme_fonts=&#8221;yes&#8221; css=&#8221;&#8221;][vc_row_inner content_placement=&#8221;middle&#8221; css=&#8221;.vc_custom_1738943820231{padding-bottom: 25px !important;}&#8221;][vc_column_inner width=&#8221;1\/2&#8243;][vc_column_text css=&#8221;&#8221;]<\/p>\n<h4>Rom\u00e2nia se afl\u0103 \u00eentr-o profund\u0103 criz\u0103 social\u0103 \u0219i economic\u0103, iar amenin\u021b\u0103rile de securitate cresc \u00een intensitate. Instabilitatea politic\u0103 intern\u0103 \u0219i situa\u021bia geopolitic\u0103 complex\u0103 pe plan regional \u0219i global fac ca nesiguran\u021ba s\u0103 devin\u0103&nbsp;<em>noua normalitate<\/em>.<\/h4>\n<h4>Sub imperiul fricii, al nemul\u021bumirilor \u0219i al nesiguran\u021bei, \u00eentunericul \u0219i furia cuprind min\u021bile oamenilor, le r\u0103cesc inimile \u0219i ajungem s\u0103 nu mai avem \u00eencredere \u00een noi \u00een\u0219ine \u0219i unii \u00een al\u021bii. Rom\u00e2nii par c\u0103 au \u00eenghe\u021bat cu to\u021bii \u00een discu\u021bii contradictorii care nu duc nic\u0103ieri, ci doar la scindarea societ\u0103\u021bii.<\/h4>\n<p>[\/vc_column_text][\/vc_column_inner][vc_column_inner width=&#8221;1\/2&#8243;][vc_column_text css=&#8221;&#8221;]<\/p>\n<h4>De viziuni noi, axate pe a\u0219tept\u0103rile rom\u00e2nilor \u0219i nevoia lor de recunoa\u0219tere, pe solu\u021bii concrete \u0219i de profesioni\u0219tii care s\u0103 le pun\u0103 \u00een aplicare nu se aude nimic, ci doar acuzele reciproce curg \u00een continuu \u00een spa\u021biul public. Absolut toate figurile politice cunoscute au e\u0219uat \u00een a le spune rom\u00e2nilor, cu emo\u021bie autentic\u0103, \u0219i a le demonstra totodat\u0103 prin rezultate \u2013&nbsp;<em>c\u0103 fac tot ce \u021bine de ei pentru a le asigura prosperitatea \u0219i securitatea.<\/em>&nbsp;Nu exista obliga\u021bie de rezultat \u00een actul politic, iar de sacrificiu personal pentru binele na\u021bional nici nu se poate vorbi.<\/h4>\n<p>[\/vc_column_text][\/vc_column_inner][\/vc_row_inner][\/vc_column][\/vc_row][vc_row equal_height=&#8221;yes&#8221; content_placement=&#8221;middle&#8221; type=&#8221;image&#8221; bg_color=&#8221;#34495E&#8221; bg_gradient=&#8221;yes&#8221; bg_position=&#8221;center&#8221; bg_position_horizontal=&#8221;center&#8221; enable_parallax=&#8221;false&#8221; bg_image=&#8221;1559&#8243;][vc_column][vc_row_inner content_placement=&#8221;middle&#8221;][vc_column_inner width=&#8221;1\/2&#8243;][vc_single_image image=&#8221;1602&#8243; img_size=&#8221;full&#8221; alignment=&#8221;center&#8221; css=&#8221;&#8221; full_width=&#8221;yes&#8221;][\/vc_column_inner][vc_column_inner width=&#8221;1\/2&#8243; css=&#8221;.vc_custom_1739606381033{background-color: #34495EC2 !important;background-position: center !important;background-repeat: no-repeat !important;background-size: cover !important;}&#8221;][vc_custom_heading text=&#8221;Problema&#8221; font_container=&#8221;tag:h1|text_align:left|color:%23FFFFFF&#8221; use_theme_fonts=&#8221;yes&#8221; css=&#8221;&#8221;][vc_column_text css=&#8221;&#8221; text_color=&#8221;#FFFFFF&#8221;]<\/p>\n<h4><span style=\"color: #ffffff;\">Ini\u021biativa noastr\u0103 s-a n\u0103scut din nevoia acut\u0103 de a r\u0103spunde celei mai profunde crize a societ\u0103\u021bii rom\u00e2ne\u0219ti de dup\u0103 c\u0103derea comunismului. Rom\u00e2nia este rupt\u0103 \u00een dou\u0103 \u0219i risc\u0103 s\u0103 devin\u0103 nefunc\u021bional\u0103, c\u0103ci tensiunea se distribuie, insidios, \u00een toate straturile sociale.<\/span><\/h4>\n<h4><span style=\"color: #ffffff;\">Prima sarcin\u0103 \u00een Rom\u00e2nia este, ast\u0103zi, oprirea spiralei violen\u0163ei politice. Acesta e imperativul. Restul este doar&nbsp;<em>politicianism<\/em>\u2026 Dac\u0103 nu se opre\u0219te spirala violen\u0163ei politice, orice discu\u0163ie despre programe de guvernare este superflu\u0103. F\u0103r\u0103 refacerea \u201ep\u0103r\u0163ii necontractuale a contractului\u201d \u00een societate \u0219i \u00een politic\u0103, respectiv al&nbsp;<em>consensului mai ad\u00e2nc care face chiar contractul posibil<\/em>&nbsp;\u2013&nbsp;<em>ce ne \u0163ine, p\u00e2n\u0103 la urm\u0103, \u00eempreun\u0103?<\/em>-, Rom\u00e2nia risc\u0103 s\u0103 se blocheze pe ani buni de aici \u00eencolo, paralizat\u0103 \u00eentre politici de tip Robespierre, din patru \u00een patru ani, \u015fi contrareac\u0163ii \u00een oglind\u0103.<\/span><\/h4>\n<h4><span style=\"color: #ffffff;\">Ignor\u00e2nd aceste lucruri, Rom\u00e2nia se de\u0219ir\u0103 \u0219i se depoten\u021beaz\u0103 \u00eentr-un mod aprope sinuciga\u0219.<\/span><\/h4>\n<p>[\/vc_column_text][\/vc_column_inner][\/vc_row_inner][\/vc_column][\/vc_row][vc_row type=&#8221;color&#8221; bg_color=&#8221;#F2F2F2&#8243;][vc_column][vc_custom_heading text=&#8221;Solu\u021bia&#8221; font_container=&#8221;tag:h1|text_align:left|color:%23111111&#8243; use_theme_fonts=&#8221;yes&#8221; css=&#8221;&#8221;][vc_row_inner content_placement=&#8221;middle&#8221;][vc_column_inner width=&#8221;1\/2&#8243;][vc_column_text css=&#8221;&#8221;]<\/p>\n<h4>Solu\u021bia nu poate s\u0103 fie&nbsp;<em>doar<\/em>&nbsp;politic\u0103 \u2013 solu\u021bia este reamenajarea spa\u021biului public \u0219i reg\u0103sirea valorilor care s\u0103 asigure&nbsp;<em>fundamentul consensului social<\/em>. Spa\u021biul public din Rom\u00e2nia a func\u021bionat, mul\u021bi ani la r\u00e2nd, deficitar, ignor\u00e2nd idei \u0219i valori prezente la nivel societal, dar exprimate public arareori: patriotism, credin\u021b\u0103 religioas\u0103, identitate na\u021bional\u0103, istorie, tradi\u021bie, p\u0103rin\u021bi fondatori etc. Ignorarea ostentativ\u0103 a acestora este echivalent\u0103, \u00een modul, cu exaltarea lor. Extremele de niciun fel nu sunt, niciodat\u0103, solu\u021bii pe termen lung.<\/h4>\n<h4>Noi credem c\u0103&nbsp;<em>opusul na\u021bionalismului nu este anti-na\u021bionalismul, ci patriotismul<\/em>. Ultimul, ignorat din pudori prost \u00een\u021belese, a l\u0103sat un loc nepermis de mare celui dint\u00e2i. Rom\u00e2nia nu a reu\u0219it s\u0103 creeze un canal public sau politic decent, de mainstream, acceptabil, prin care nevoi \u0219i dorin\u021be fire\u0219ti ale popula\u021biei, inclusiv identitare, accentuate de crizele regionale \u0219i mondiale \u0219i, de ce nu, de succesul lui Donald Trump \u00een Statele Unite, s\u0103 se descarce firesc \u0219i lucr\u0103tor. Rom\u00e2nia nu are o reprezentare decent\u0103 \u00een spa\u021biul public \u0219i politic a cel pu\u021bin jum\u0103tate din cet\u0103\u021benii ei!<\/h4>\n<p>[\/vc_column_text][\/vc_column_inner][vc_column_inner width=&#8221;1\/2&#8243;][vc_column_text css=&#8221;&#8221;]<\/p>\n<h4>Este nevoie mai mult ca oric\u00e2nd de o viziune na\u021bional\u0103, \u00een acord cu lumea de azi, una fundamentat\u0103 \u0219i aplicabil\u0103 cu resursele \u0219i oamenii pe care \u00eei avem. O viziune ancorat\u0103 \u00een contextul european \u0219i interna\u021bional pe care nu \u00eel facem noi ci doar particip\u0103m \u00eentr-o m\u0103sur\u0103 mai mic\u0103 sau mai mare la el. Oportunitatea de a ne valorifica bog\u0103\u021biile \u0219i inteligen\u021ba nativ\u0103 nu vine din izolare, ci tocmai din apartenen\u021ba la lumea din care noi, ca&nbsp;<em>rom\u00e2ni<\/em>, ne-am dorit s\u0103 fim parte. Nu trebuie s\u0103 existe divergen\u021b\u0103 \u00eentre apartenen\u021ba euro-atlantic\u0103 \u0219i identitate!<\/h4>\n<h4>Haide\u021bi s\u0103 ne implic\u0103m \u00eempreun\u0103 mai mult pentru viitorul copiilor no\u0219tri \u0219i al neamului rom\u00e2nesc, foarte \u00eencercat de-a lungul istoriei. Nu ne-a fost u\u0219or s\u0103 ajungem aici. Am pl\u0103tit un pre\u021b mare, \u0219i este p\u0103cat s\u0103 ne pierdem speran\u021ba.<\/h4>\n<h4>S\u0103 ne unim cu to\u021bii \u00eentr-un dialog \u0219i o lucrare \u00eempreuna pentru a genera solu\u021bii viabile. Poten\u021bialul acestui popor exist\u0103, avem oameni valoro\u0219i, dar care din bun sim\u021b nu s-au implicat direct \u00een via\u021ba public\u0103 unde standardele au sc\u0103zut sub limite greu de acceptat de cei mai mul\u021bi dintre noi.<\/h4>\n<p>[\/vc_column_text][\/vc_column_inner][\/vc_row_inner][vc_column_text css=&#8221;.vc_custom_1738943943824{padding-top: 35px !important;}&#8221;]<\/p>\n<h4>Nu va fi u\u0219or. Este nevoie de o reformare pe multe paliere, dar, \u00eenainte s\u0103 demol\u0103m, haide\u021bi s\u0103 facem planul a ceea ce dorim s\u0103 construim. \u00cempreuna, prin dialog, cu g\u00e2ndul bun \u0219i cu \u00eencredere unii \u00een al\u021bii c\u0103 suntem to\u021bi rom\u00e2ni \u0219i cu to\u021bii ne dorim s\u0103 ne fie bine \u00een \u021bara noastr\u0103, unde s\u0103 ne c\u00e2\u0219tig\u0103m p\u00e2inea cea de toate zilele cu demnitate \u0219i s\u0103 l\u0103sam urma\u0219ilor o \u021bar\u0103 mai bun\u0103 dec\u00e2t am primit-o.<\/h4>\n<p>[\/vc_column_text][vc_row_inner][vc_column_inner width=&#8221;1\/2&#8243;][vc_column_text css=&#8221;&#8221;]<\/p>\n<h4>Sub egida acestor \u00eentreb\u0103ri fondatoare, \u00een ziua primei marii \u201eMici Uniri\u201d a rom\u00e2nilor \u0219i \u00een spiritul acesteia, deschidem acest spa\u021biu de dialog \u0219i (re)cunoa\u0219tere reciproc\u0103. Rom\u00e2nia nu \u00ee\u0219i poate permite luxul de a r\u0103m\u00e2ne sf\u00e2\u0219iat\u0103, \u00eentr-o lume \u00een care crizele sunt acute \u0219i proeminente. O Rom\u00e2nie puternic\u0103, bine a\u0219ezat\u0103 \u00een propriile valori \u0219i propria regiune, poate transforma, a\u0219a cum a f\u0103cut-o de multe ori, aceast\u0103 teribil\u0103 criz\u0103 \u00eentr-o extraordinar\u0103 oportunitate!<\/h4>\n<p>[\/vc_column_text][\/vc_column_inner][vc_column_inner width=&#8221;1\/2&#8243;][vc_video link=&#8221;https:\/\/www.youtube.com\/watch?v=A05Xl2w9yPw&#8221; align=&#8221;center&#8221; css=&#8221;&#8221;][\/vc_column_inner][\/vc_row_inner][\/vc_column][\/vc_row][vc_row][vc_column width=&#8221;1\/4&#8243;][\/vc_column][vc_column width=&#8221;1\/2&#8243;][vc_custom_heading text=&#8221;Formular contact&#8221; font_container=&#8221;tag:h3|text_align:left&#8221; use_theme_fonts=&#8221;yes&#8221; css=&#8221;&#8221;]\n<div class=\"wpcf7 no-js\" id=\"wpcf7-f2873-o1\" lang=\"ro-RO\" dir=\"ltr\" data-wpcf7-id=\"2873\">\n<div class=\"screen-reader-response\"><p role=\"status\" aria-live=\"polite\" aria-atomic=\"true\"><\/p> <ul><\/ul><\/div>\n<form action=\"\/ro\/wp-json\/wp\/v2\/pages\/1561#wpcf7-f2873-o1\" method=\"post\" class=\"wpcf7-form init\" aria-label=\"Formular de contact\" novalidate=\"novalidate\" data-status=\"init\">\n<fieldset class=\"hidden-fields-container\"><input type=\"hidden\" name=\"_wpcf7\" value=\"2873\" \/><input type=\"hidden\" name=\"_wpcf7_version\" value=\"6.1.5\" \/><input type=\"hidden\" name=\"_wpcf7_locale\" value=\"ro_RO\" \/><input type=\"hidden\" name=\"_wpcf7_unit_tag\" value=\"wpcf7-f2873-o1\" \/><input type=\"hidden\" name=\"_wpcf7_container_post\" value=\"0\" \/><input type=\"hidden\" name=\"_wpcf7_posted_data_hash\" value=\"\" \/>\n<\/fieldset>\n<div id=\"responsive-form\" class=\"clearfix\">\n\t<div class=\"form-row\">\n\t\t<div class=\"column-half\">\n\t\t\t<p>Nume <span class=\"wpcf7-form-control-wrap\" data-name=\"first-name\"><input size=\"40\" maxlength=\"400\" class=\"wpcf7-form-control wpcf7-text wpcf7-validates-as-required\" aria-required=\"true\" aria-invalid=\"false\" value=\"\" type=\"text\" name=\"first-name\" \/><\/span>\n\t\t\t<\/p>\n\t\t<\/div>\n\t\t<div class=\"column-half\">\n\t\t\t<p>Prenume <span class=\"wpcf7-form-control-wrap\" data-name=\"last-name\"><input size=\"40\" maxlength=\"400\" class=\"wpcf7-form-control wpcf7-text wpcf7-validates-as-required\" aria-required=\"true\" aria-invalid=\"false\" value=\"\" type=\"text\" name=\"last-name\" \/><\/span>\n\t\t\t<\/p>\n\t\t<\/div>\n\t<\/div>\n\t<div class=\"form-row\">\n\t\t<div class=\"column-half\">\n\t\t\t<p>Email <span class=\"wpcf7-form-control-wrap\" data-name=\"your-email\"><input size=\"40\" maxlength=\"400\" class=\"wpcf7-form-control wpcf7-email wpcf7-validates-as-required wpcf7-text wpcf7-validates-as-email\" aria-required=\"true\" aria-invalid=\"false\" value=\"\" type=\"email\" name=\"your-email\" \/><\/span>\n\t\t\t<\/p>\n\t\t<\/div>\n\t\t<div class=\"column-half\">\n\t\t\t<p>Telefon <span class=\"wpcf7-form-control-wrap\" data-name=\"your-phone\"><input size=\"40\" maxlength=\"400\" class=\"wpcf7-form-control wpcf7-text wpcf7-validates-as-required\" aria-required=\"true\" aria-invalid=\"false\" value=\"\" type=\"text\" name=\"your-phone\" \/><\/span>\n\t\t\t<\/p>\n\t\t<\/div>\n\t<\/div>\n\t<div class=\"form-row\">\n\t\t<div class=\"column-full\">\n\t\t\t<p>Subject <span class=\"wpcf7-form-control-wrap\" data-name=\"your-subject\"><input size=\"40\" maxlength=\"400\" class=\"wpcf7-form-control wpcf7-text wpcf7-validates-as-required\" aria-required=\"true\" aria-invalid=\"false\" value=\"\" type=\"text\" name=\"your-subject\" \/><\/span>\n\t\t\t<\/p>\n\t\t<\/div>\n\t<\/div>\n\t<div class=\"form-row\">\n\t\t<div class=\"column-full\">\n\t\t\t<p>Mesaj <span class=\"wpcf7-form-control-wrap\" data-name=\"your-message\"><textarea cols=\"40\" rows=\"10\" maxlength=\"2000\" class=\"wpcf7-form-control wpcf7-textarea\" aria-invalid=\"false\" name=\"your-message\"><\/textarea><\/span>\n\t\t\t<\/p>\n\t\t<\/div>\n\t<\/div>\n\t<div class=\"form-row\">\n\t\t<div class=\"column-full\">\n\t\t\t<p><span class=\"wpcf7-form-control-wrap\" data-name=\"acceptance-782\"><span class=\"wpcf7-form-control wpcf7-acceptance optional\"><span class=\"wpcf7-list-item\"><label><input type=\"checkbox\" name=\"acceptance-782\" value=\"1\" aria-invalid=\"false\" \/><span class=\"wpcf7-list-item-label\">Accept <a href=\"https:\/\/www.diplomacy360.com\/ro\/termeni-si-conditii\/\">termenii \u0219i condi\u021biile<\/a>\/ <a href=\"https:\/\/www..diplomacy360.com\/ro\/politica-de-confidentialitate\/\">politica de confiden\u021bialitate<\/a><\/span><\/label><\/span><\/span><\/span>\n\t\t\t<\/p>\n\t\t<\/div>\n\t<\/div>\n\t<div class=\"form-row\">\n\t\t<div class=\"column-full\">\n\t\t\t<div class=\"g-recaptcha-wrap\" style=\"padding:10px 0 10px 0\">\n\t\t\t\t<div  class=\"g-recaptcha\" data-sitekey=\"6Lf5DNEqAAAAAEjszsRugeOAW9VEjuHX0Z97yEx6\">\n\t\t\t\t<\/div>\n\t\t\t<\/div>\n\t\t\t<p><span class='wpcf7-form-control-wrap' data-name='aiowps-captcha'><\/span>\n\t\t\t<\/p>\n\t\t<\/div>\n\t<\/div>\n\t<div class=\"form-row\">\n\t\t<div class=\"column-full\">\n\t\t\t<p><input class=\"wpcf7-form-control wpcf7-submit has-spinner\" type=\"submit\" value=\"Trimite\" \/>\n\t\t\t<\/p>\n\t\t<\/div>\n\t<\/div>\n<\/div><div class=\"wpcf7-response-output\" aria-hidden=\"true\"><\/div>\n<\/form>\n<\/div>\n\r\n\t\t\t\t<script>\r\n\t\t\t\tif ( typeof huOptions !== 'undefined' ) {\r\n\t\t\t\t\tvar huFormData = {\"source\":\"contactform7\",\"id\":2873,\"title\":\"Formular Dialog\",\"fields\":{\"subject\":{\"first_name\":\"your-name\",\"email\":\"your-email\"},\"preferences\":{\"terms\":\"your-consent\"}}};\r\n\t\t\t\t\tvar huFormNode = document.querySelector( '[id^=\"wpcf7-f2873-\"] form' );\r\n\r\n\t\t\t\t\thuFormData['node'] = huFormNode;\r\n\t\t\t\t\thuOptions['forms'].push( huFormData );\r\n\t\t\t\t}\r\n\t\t\t\t<\/script>[\/vc_column][vc_column width=&#8221;1\/4&#8243;][\/vc_column][\/vc_row][vc_row][vc_column]\n\t<div class=\"kleo-carousel-container \">\n\t\t<div class=\"kleo-carousel-items kleo-carousel-post\" data-min-items=\"3\" data-max-items=\"6\" data-autoplay=\"true\">\n\t\t\t<ul class=\"kleo-carousel\">\n\n\t\t\t\t\n<li id=\"post-2792\" class=\"post-item col-sm-4 post-2792 post type-post status-publish format-standard has-post-thumbnail hentry category-mass-media-ro tag-presa\">\n    <article>\n\n\t\t<div class=\"post-image\"><a href=\"https:\/\/diplomacy360.com\/ro\/mass-media-ro\/initiativa-interesanta-promovata-de-ceo-ul-bursei-romane-de-afaceri\/\" class=\"element-wrap\"><img loading=\"lazy\" decoding=\"async\" width=\"480\" height=\"270\" src=\"https:\/\/diplomacy360.com\/wp-content\/uploads\/2025\/02\/dialog6-480x270.png\" class=\"attachment-kleo-post-gallery size-kleo-post-gallery wp-post-image\" alt=\"\" srcset=\"https:\/\/diplomacy360.com\/wp-content\/uploads\/2025\/02\/dialog6-480x270.png 480w, https:\/\/diplomacy360.com\/wp-content\/uploads\/2025\/02\/dialog6-300x168.png 300w, https:\/\/diplomacy360.com\/wp-content\/uploads\/2025\/02\/dialog6-1024x574.png 1024w, https:\/\/diplomacy360.com\/wp-content\/uploads\/2025\/02\/dialog6-768x431.png 768w, https:\/\/diplomacy360.com\/wp-content\/uploads\/2025\/02\/dialog6-672x377.png 672w, https:\/\/diplomacy360.com\/wp-content\/uploads\/2025\/02\/dialog6-1038x582.png 1038w, https:\/\/diplomacy360.com\/wp-content\/uploads\/2025\/02\/dialog6.png 1200w\" sizes=\"auto, (max-width: 480px) 100vw, 480px\" \/><span class=\"hover-element\"><i>+<\/i><\/span><\/a><\/div><!--end post-image-->\n        <div class=\"entry-content\">\n            <h4 class=\"post-title entry-title\"><a href=\"https:\/\/diplomacy360.com\/ro\/mass-media-ro\/initiativa-interesanta-promovata-de-ceo-ul-bursei-romane-de-afaceri\/\">Ini\u021biativ\u0103 interesant\u0103 promovat\u0103 de CEO-ul Bursei Rom\u00e2ne de Afaceri<\/a><\/h4>\n\n            <span class=\"post-meta hidden hide\">\n                <small><a href=\"https:\/\/diplomacy360.com\/ro\/mass-media-ro\/initiativa-interesanta-promovata-de-ceo-ul-bursei-romane-de-afaceri\/\" rel=\"bookmark\" class=\"post-time\"><time class=\"entry-date\" datetime=\"2025-02-17T12:25:36+02:00\">17 februarie 2025<\/time><time class=\"modify-date hide hidden updated\" datetime=\"2025-02-17T12:35:03+02:00\">17 februarie 2025<\/time><\/a><\/small>, <small class=\"meta-category\"><a href=\"https:\/\/diplomacy360.com\/ro\/categorie\/mass-media-ro\/\" rel=\"category tag\">Mass Media<\/a>, <a href=\"https:\/\/diplomacy360.com\/ro\/tag\/presa\/\" rel=\"tag\">Presa<\/a><\/small>, <small class=\"meta-comment-count\"><a href=\"https:\/\/diplomacy360.com\/ro\/mass-media-ro\/initiativa-interesanta-promovata-de-ceo-ul-bursei-romane-de-afaceri\/#comments\">0 <i class=\"icon-chat-1 hover-tip\" data-original-title=\"Acest articol are 0 comentarii\" data-toggle=\"tooltip\" data-placement=\"top\"><\/i><\/a><\/small>            <\/span>\n\n\t\t\t                <hr>\n                <div class=\"entry-summary\">\n\t\t\t\t\t<p> \u201eCine suntem noi? Dialog pentru Rom\u00e2nia\u201d Ini\u021biativ\u0103 interesant\u0103 promovat\u0103 de c\u0103tre Valentin Preda, CEO al Bursei Rom\u00e2ne de...<\/p>                <\/div><!-- .entry-summary -->\n\t\t\t        <\/div><!--end post-info-->\n\n    <\/article>\n<\/li>\n<li id=\"post-2781\" class=\"post-item col-sm-4 post-2781 post type-post status-publish format-standard has-post-thumbnail hentry category-mass-media-ro tag-presa\">\n    <article>\n\n\t\t<div class=\"post-image\"><a href=\"https:\/\/diplomacy360.com\/ro\/mass-media-ro\/cine-suntem-noi-dialog-pentru-romania-initiativa-interesanta\/\" class=\"element-wrap\"><img loading=\"lazy\" decoding=\"async\" width=\"480\" height=\"270\" src=\"https:\/\/diplomacy360.com\/wp-content\/uploads\/2025\/02\/dialog5-480x270.jpg\" class=\"attachment-kleo-post-gallery size-kleo-post-gallery wp-post-image\" alt=\"\" \/><span class=\"hover-element\"><i>+<\/i><\/span><\/a><\/div><!--end post-image-->\n        <div class=\"entry-content\">\n            <h4 class=\"post-title entry-title\"><a href=\"https:\/\/diplomacy360.com\/ro\/mass-media-ro\/cine-suntem-noi-dialog-pentru-romania-initiativa-interesanta\/\">\u201eCine suntem noi? Dialog pentru Rom\u00e2nia\u201d. Ini\u021biativ\u0103 interesant\u0103<\/a><\/h4>\n\n            <span class=\"post-meta hidden hide\">\n                <small><a href=\"https:\/\/diplomacy360.com\/ro\/mass-media-ro\/cine-suntem-noi-dialog-pentru-romania-initiativa-interesanta\/\" rel=\"bookmark\" class=\"post-time\"><time class=\"entry-date\" datetime=\"2025-02-17T12:15:22+02:00\">17 februarie 2025<\/time><time class=\"modify-date hide hidden updated\" datetime=\"2025-02-17T12:19:17+02:00\">17 februarie 2025<\/time><\/a><\/small>, <small class=\"meta-category\"><a href=\"https:\/\/diplomacy360.com\/ro\/categorie\/mass-media-ro\/\" rel=\"category tag\">Mass Media<\/a>, <a href=\"https:\/\/diplomacy360.com\/ro\/tag\/presa\/\" rel=\"tag\">Presa<\/a><\/small>, <small class=\"meta-comment-count\"><a href=\"https:\/\/diplomacy360.com\/ro\/mass-media-ro\/cine-suntem-noi-dialog-pentru-romania-initiativa-interesanta\/#comments\">0 <i class=\"icon-chat-1 hover-tip\" data-original-title=\"Acest articol are 0 comentarii\" data-toggle=\"tooltip\" data-placement=\"top\"><\/i><\/a><\/small>            <\/span>\n\n\t\t\t                <hr>\n                <div class=\"entry-summary\">\n\t\t\t\t\t<p> \u201eCine suntem noi? Dialog pentru Rom\u00e2nia\u201d Ini\u021biativ\u0103 interesant\u0103 promovat\u0103 de c\u0103tre Valentin Preda, CEO al Bursei Rom\u00e2ne de...<\/p>                <\/div><!-- .entry-summary -->\n\t\t\t        <\/div><!--end post-info-->\n\n    <\/article>\n<\/li>\n<li id=\"post-2772\" class=\"post-item col-sm-4 post-2772 post type-post status-publish format-standard has-post-thumbnail hentry category-mass-media-ro tag-presa\">\n    <article>\n\n\t\t<div class=\"post-image\"><a href=\"https:\/\/diplomacy360.com\/ro\/mass-media-ro\/initiativa-promovata-de-valentin-preda-ceo-al-bursei-romane-de-afaceri\/\" class=\"element-wrap\"><img loading=\"lazy\" decoding=\"async\" width=\"480\" height=\"270\" src=\"https:\/\/diplomacy360.com\/wp-content\/uploads\/2025\/02\/dialog5.1-480x270.jpeg\" class=\"attachment-kleo-post-gallery size-kleo-post-gallery wp-post-image\" alt=\"\" srcset=\"https:\/\/diplomacy360.com\/wp-content\/uploads\/2025\/02\/dialog5.1-480x270.jpeg 480w, https:\/\/diplomacy360.com\/wp-content\/uploads\/2025\/02\/dialog5.1-300x169.jpeg 300w, https:\/\/diplomacy360.com\/wp-content\/uploads\/2025\/02\/dialog5.1-768x432.jpeg 768w, https:\/\/diplomacy360.com\/wp-content\/uploads\/2025\/02\/dialog5.1-672x378.jpeg 672w, https:\/\/diplomacy360.com\/wp-content\/uploads\/2025\/02\/dialog5.1.jpeg 976w\" sizes=\"auto, (max-width: 480px) 100vw, 480px\" \/><span class=\"hover-element\"><i>+<\/i><\/span><\/a><\/div><!--end post-image-->\n        <div class=\"entry-content\">\n            <h4 class=\"post-title entry-title\"><a href=\"https:\/\/diplomacy360.com\/ro\/mass-media-ro\/initiativa-promovata-de-valentin-preda-ceo-al-bursei-romane-de-afaceri\/\">Ini\u021biativ\u0103 promovat\u0103 de Valentin Preda, CEO al Bursei Rom\u00e2ne de Afaceri<\/a><\/h4>\n\n            <span class=\"post-meta hidden hide\">\n                <small><a href=\"https:\/\/diplomacy360.com\/ro\/mass-media-ro\/initiativa-promovata-de-valentin-preda-ceo-al-bursei-romane-de-afaceri\/\" rel=\"bookmark\" class=\"post-time\"><time class=\"entry-date\" datetime=\"2025-02-17T12:04:29+02:00\">17 februarie 2025<\/time><time class=\"modify-date hide hidden updated\" datetime=\"2025-02-17T12:06:37+02:00\">17 februarie 2025<\/time><\/a><\/small>, <small class=\"meta-category\"><a href=\"https:\/\/diplomacy360.com\/ro\/categorie\/mass-media-ro\/\" rel=\"category tag\">Mass Media<\/a>, <a href=\"https:\/\/diplomacy360.com\/ro\/tag\/presa\/\" rel=\"tag\">Presa<\/a><\/small>, <small class=\"meta-comment-count\"><a href=\"https:\/\/diplomacy360.com\/ro\/mass-media-ro\/initiativa-promovata-de-valentin-preda-ceo-al-bursei-romane-de-afaceri\/#comments\">0 <i class=\"icon-chat-1 hover-tip\" data-original-title=\"Acest articol are 0 comentarii\" data-toggle=\"tooltip\" data-placement=\"top\"><\/i><\/a><\/small>            <\/span>\n\n\t\t\t                <hr>\n                <div class=\"entry-summary\">\n\t\t\t\t\t<p> \u201eCine suntem noi? Dialog pentru Rom\u00e2nia\u201d \u2013 Ini\u021biativ\u0103 promovat\u0103 de Valentin Preda, CEO al Bursei Rom\u00e2ne de Afaceri...<\/p>                <\/div><!-- .entry-summary -->\n\t\t\t        <\/div><!--end post-info-->\n\n    <\/article>\n<\/li>\n\t\t\t<\/ul>\n\t\t<\/div>\n\t\t<div class=\"carousel-arrow\">\n\t\t\t<a class=\"carousel-prev\" href=\"#\"><i class=\"icon-angle-left\"><\/i><\/a>\n\t\t\t<a class=\"carousel-next\" href=\"#\"><i class=\"icon-angle-right\"><\/i><\/a>\n\t\t<\/div>\n\t\t<div class=\"kleo-carousel-post-pager carousel-pager\"><\/div>\n\t<\/div><!--end carousel-container-->\n\n[\/vc_column][\/vc_row]<\/p>\n<\/div>","protected":false},"excerpt":{"rendered":"<p>[vc_row equal_height=&#8221;yes&#8221; content_placement=&#8221;middle&#8221; text_color=&#8221;#ffffff&#8221; type=&#8221;image&#8221; bg_color=&#8221;#34495e&#8221; bg_position_horizontal=&#8221;center&#8221; padding_top=&#8221;100px&#8221; padding_bottom=&#8221;100px&#8221; el_class=&#8221;ov-hidden&#8221; bg_image=&#8221;1086&#8243;][vc_column width=&#8221;1\/2&#8243;][vc_custom_heading text=&#8221;Cine suntem noi?&#8221; font_container=&#8221;tag:h1|font_size:56|text_align:left|color:%23111111&#8243; use_theme_fonts=&#8221;yes&#8221; css=&#8221;&#8221;][vc_custom_heading text=&#8221;Dialog pentru Rom\u00e2nia&#8221; font_container=&#8221;tag:h1|font_size:56|text_align:left|color:%23111111&#8243; use_theme_fonts=&#8221;yes&#8221; css=&#8221;&#8221;][vc_column_text css=&#8221;&#8221;] Ini\u021biativa \u00ee\u0219i propune s\u0103 creeze un spa\u021biu \u00een care rom\u00e2nii s\u0103 poat\u0103 discuta deschis despre ce \u00eei preocup\u0103 \u0219i s\u0103 caute solu\u021bii \u00eempreun\u0103. Lansat\u0103 sub egida Diplomacy360, ini\u021biativa dore\u0219te s\u0103 pun\u0103 accent pe dialog, colaborare [&hellip;]<\/p>\n","protected":false},"author":1,"featured_media":0,"parent":0,"menu_order":0,"comment_status":"closed","ping_status":"closed","template":"page-templates\/full-width.php","meta":{"ngg_post_thumbnail":0,"footnotes":""},"class_list":["post-1561","page","type-page","status-publish","hentry"],"aioseo_notices":[],"_links":{"self":[{"href":"https:\/\/diplomacy360.com\/ro\/wp-json\/wp\/v2\/pages\/1561","targetHints":{"allow":["GET"]}}],"collection":[{"href":"https:\/\/diplomacy360.com\/ro\/wp-json\/wp\/v2\/pages"}],"about":[{"href":"https:\/\/diplomacy360.com\/ro\/wp-json\/wp\/v2\/types\/page"}],"author":[{"embeddable":true,"href":"https:\/\/diplomacy360.com\/ro\/wp-json\/wp\/v2\/users\/1"}],"replies":[{"embeddable":true,"href":"https:\/\/diplomacy360.com\/ro\/wp-json\/wp\/v2\/comments?post=1561"}],"version-history":[{"count":46,"href":"https:\/\/diplomacy360.com\/ro\/wp-json\/wp\/v2\/pages\/1561\/revisions"}],"predecessor-version":[{"id":2877,"href":"https:\/\/diplomacy360.com\/ro\/wp-json\/wp\/v2\/pages\/1561\/revisions\/2877"}],"wp:attachment":[{"href":"https:\/\/diplomacy360.com\/ro\/wp-json\/wp\/v2\/media?parent=1561"}],"curies":[{"name":"wp","href":"https:\/\/api.w.org\/{rel}","templated":true}]}}